{"id":661,"date":"2017-04-16T20:19:04","date_gmt":"2017-04-16T18:19:04","guid":{"rendered":"https:\/\/www.lesjardinsdebaracane.fr\/wp-content\/uploads\/2017\/02\/CMOIRENC_098511-copie-2.jpg"},"modified":"2024-10-03T13:25:36","modified_gmt":"2024-10-03T11:25:36","slug":"france-vaucluse-84-avignon-la-cathedrale-des-doms-xiie-siecle-et-le-palais-des-papes-classes-patrimoine-mondial-de-lunesco-depuis-lile-de-la-barthelasse-quai-au-bord-du-rhone-3-3","status":"inherit","type":"attachment","link":"https:\/\/www.lesjardinsdebaracane.fr\/en\/around-us\/france-vaucluse-84-avignon-la-cathedrale-des-doms-xiie-siecle-et-le-palais-des-papes-classes-patrimoine-mondial-de-lunesco-depuis-lile-de-la-barthelasse-quai-au-bord-du-rhone-3-3\/","title":{"rendered":"France, Vaucluse (84), Avignon, la cathedrale des Doms (XIIe siecle) et le Palais des Papes classes Patrimoine mondial de l&#8217;Unesco depuis l&#8217;ile de la Barthelasse, quai au bord du Rhone"},"author":3,"featured_media":0,"comment_status":"open","ping_status":"closed","template":"","meta":{"_et_pb_use_builder":"","_et_pb_old_content":"","_et_gb_content_width":""},"class_list":["post-661","attachment","type-attachment","status-inherit","hentry"],"yoast_head":"<!-- This site is optimized with the Yoast SEO Premium plugin v25.6 (Yoast SEO v25.6) - https:\/\/yoast.com\/wordpress\/plugins\/seo\/ -->\n<title>France, Vaucluse (84), Avignon, la cathedrale des Doms (XIIe siecle) et le Palais des Papes classes Patrimoine mondial de l&#039;Unesco depuis l&#039;ile de la Barthelasse, quai au bord du Rhone - Les Jardins de Baracane<\/title>\n<meta name=\"robots\" content=\"index, follow, max-snippet:-1, max-image-preview:large, max-video-preview:-1\" \/>\n<link rel=\"canonical\" href=\"https:\/\/www.lesjardinsdebaracane.fr\/wp-content\/uploads\/2017\/02\/CMOIRENC_098511-copie-2.jpg\" \/>\n<meta property=\"og:locale\" content=\"en_US\" \/>\n<meta property=\"og:type\" content=\"article\" \/>\n<meta property=\"og:title\" content=\"France, Vaucluse (84), Avignon, la cathedrale des Doms (XIIe siecle) et le Palais des Papes classes Patrimoine mondial de l&#039;Unesco depuis l&#039;ile de la Barthelasse, quai au bord du Rhone - Les Jardins de Baracane\" \/>\n<meta property=\"og:description\" content=\"France, Vaucluse (84), Avignon, la cathedrale des Doms (XIIe siecle) et le Palais des Papes classes Patrimoine mondial de l&#039;Unesco depuis l&#039;ile de la Barthelasse, quai au bord du Rhone\" \/>\n<meta property=\"og:url\" content=\"https:\/\/www.lesjardinsdebaracane.fr\/wp-content\/uploads\/2017\/02\/CMOIRENC_098511-copie-2.jpg\" \/>\n<meta property=\"og:site_name\" content=\"Les Jardins de Baracane\" \/>\n<meta property=\"article:modified_time\" content=\"2024-10-03T11:25:36+00:00\" \/>\n<meta property=\"og:image\" content=\"https:\/\/www.lesjardinsdebaracane.fr\/wp-content\/uploads\/2017\/02\/CMOIRENC_098511-copie-2.jpg\" \/>\n\t<meta property=\"og:image:width\" content=\"1650\" \/>\n\t<meta property=\"og:image:height\" content=\"828\" \/>\n\t<meta property=\"og:image:type\" content=\"image\/jpeg\" \/>\n<meta name=\"twitter:card\" content=\"summary_large_image\" \/>\n<script type=\"application\/ld+json\" class=\"yoast-schema-graph\">{\"@context\":\"https:\/\/schema.org\",\"@graph\":[{\"@type\":\"WebPage\",\"@id\":\"https:\/\/www.lesjardinsdebaracane.fr\/wp-content\/uploads\/2017\/02\/CMOIRENC_098511-copie-2.jpg\",\"url\":\"https:\/\/www.lesjardinsdebaracane.fr\/wp-content\/uploads\/2017\/02\/CMOIRENC_098511-copie-2.jpg\",\"name\":\"France, Vaucluse (84), Avignon, la cathedrale des Doms (XIIe siecle) et le Palais des Papes classes Patrimoine mondial de l'Unesco depuis l'ile de la Barthelasse, quai au bord du Rhone - Les Jardins de Baracane\",\"isPartOf\":{\"@id\":\"https:\/\/www.lesjardinsdebaracane.fr\/#website\"},\"datePublished\":\"2017-04-16T18:19:04+00:00\",\"dateModified\":\"2024-10-03T11:25:36+00:00\",\"breadcrumb\":{\"@id\":\"https:\/\/www.lesjardinsdebaracane.fr\/wp-content\/uploads\/2017\/02\/CMOIRENC_098511-copie-2.jpg#breadcrumb\"},\"inLanguage\":\"en-US\",\"potentialAction\":[{\"@type\":\"ReadAction\",\"target\":[\"https:\/\/www.lesjardinsdebaracane.fr\/wp-content\/uploads\/2017\/02\/CMOIRENC_098511-copie-2.jpg\"]}]},{\"@type\":\"BreadcrumbList\",\"@id\":\"https:\/\/www.lesjardinsdebaracane.fr\/wp-content\/uploads\/2017\/02\/CMOIRENC_098511-copie-2.jpg#breadcrumb\",\"itemListElement\":[{\"@type\":\"ListItem\",\"position\":1,\"name\":\"Accueil\",\"item\":\"https:\/\/www.lesjardinsdebaracane.fr\/en\/\"},{\"@type\":\"ListItem\",\"position\":2,\"name\":\"Around us\",\"item\":\"https:\/\/www.lesjardinsdebaracane.fr\/en\/around-us\/\"},{\"@type\":\"ListItem\",\"position\":3,\"name\":\"France, Vaucluse (84), Avignon, la cathedrale des Doms (XIIe siecle) et le Palais des Papes classes Patrimoine mondial de l&rsquo;Unesco depuis l&rsquo;ile de la Barthelasse, quai au bord du Rhone\"}]},{\"@type\":\"WebSite\",\"@id\":\"https:\/\/www.lesjardinsdebaracane.fr\/#website\",\"url\":\"https:\/\/www.lesjardinsdebaracane.fr\/\",\"name\":\"Les Jardins de Baracane\",\"description\":\"B&amp;B \u00e0 Avignon\",\"publisher\":{\"@id\":\"https:\/\/www.lesjardinsdebaracane.fr\/#organization\"},\"potentialAction\":[{\"@type\":\"SearchAction\",\"target\":{\"@type\":\"EntryPoint\",\"urlTemplate\":\"https:\/\/www.lesjardinsdebaracane.fr\/?s={search_term_string}\"},\"query-input\":{\"@type\":\"PropertyValueSpecification\",\"valueRequired\":true,\"valueName\":\"search_term_string\"}}],\"inLanguage\":\"en-US\"},{\"@type\":\"Organization\",\"@id\":\"https:\/\/www.lesjardinsdebaracane.fr\/#organization\",\"name\":\"Les Jardins de Baracane\",\"url\":\"https:\/\/www.lesjardinsdebaracane.fr\/\",\"logo\":{\"@type\":\"ImageObject\",\"inLanguage\":\"en-US\",\"@id\":\"https:\/\/www.lesjardinsdebaracane.fr\/#\/schema\/logo\/image\/\",\"url\":\"https:\/\/www.lesjardinsdebaracane.fr\/wp-content\/uploads\/2017\/02\/b-for-baracane.jpg\",\"contentUrl\":\"https:\/\/www.lesjardinsdebaracane.fr\/wp-content\/uploads\/2017\/02\/b-for-baracane.jpg\",\"width\":135,\"height\":147,\"caption\":\"Les Jardins de Baracane\"},\"image\":{\"@id\":\"https:\/\/www.lesjardinsdebaracane.fr\/#\/schema\/logo\/image\/\"}}]}<\/script>\n<!-- \/ Yoast SEO Premium plugin. -->","yoast_head_json":{"title":"France, Vaucluse (84), Avignon, la cathedrale des Doms (XIIe siecle) et le Palais des Papes classes Patrimoine mondial de l'Unesco depuis l'ile de la Barthelasse, quai au bord du Rhone - Les Jardins de Baracane","robots":{"index":"index","follow":"follow","max-snippet":"max-snippet:-1","max-image-preview":"max-image-preview:large","max-video-preview":"max-video-preview:-1"},"canonical":"https:\/\/www.lesjardinsdebaracane.fr\/wp-content\/uploads\/2017\/02\/CMOIRENC_098511-copie-2.jpg","og_locale":"en_US","og_type":"article","og_title":"France, Vaucluse (84), Avignon, la cathedrale des Doms (XIIe siecle) et le Palais des Papes classes Patrimoine mondial de l'Unesco depuis l'ile de la Barthelasse, quai au bord du Rhone - Les Jardins de Baracane","og_description":"France, Vaucluse (84), Avignon, la cathedrale des Doms (XIIe siecle) et le Palais des Papes classes Patrimoine mondial de l'Unesco depuis l'ile de la Barthelasse, quai au bord du Rhone","og_url":"https:\/\/www.lesjardinsdebaracane.fr\/wp-content\/uploads\/2017\/02\/CMOIRENC_098511-copie-2.jpg","og_site_name":"Les Jardins de Baracane","article_modified_time":"2024-10-03T11:25:36+00:00","og_image":[{"width":1650,"height":828,"url":"https:\/\/www.lesjardinsdebaracane.fr\/wp-content\/uploads\/2017\/02\/CMOIRENC_098511-copie-2.jpg","type":"image\/jpeg"}],"twitter_card":"summary_large_image","schema":{"@context":"https:\/\/schema.org","@graph":[{"@type":"WebPage","@id":"https:\/\/www.lesjardinsdebaracane.fr\/wp-content\/uploads\/2017\/02\/CMOIRENC_098511-copie-2.jpg","url":"https:\/\/www.lesjardinsdebaracane.fr\/wp-content\/uploads\/2017\/02\/CMOIRENC_098511-copie-2.jpg","name":"France, Vaucluse (84), Avignon, la cathedrale des Doms (XIIe siecle) et le Palais des Papes classes Patrimoine mondial de l'Unesco depuis l'ile de la Barthelasse, quai au bord du Rhone - Les Jardins de Baracane","isPartOf":{"@id":"https:\/\/www.lesjardinsdebaracane.fr\/#website"},"datePublished":"2017-04-16T18:19:04+00:00","dateModified":"2024-10-03T11:25:36+00:00","breadcrumb":{"@id":"https:\/\/www.lesjardinsdebaracane.fr\/wp-content\/uploads\/2017\/02\/CMOIRENC_098511-copie-2.jpg#breadcrumb"},"inLanguage":"en-US","potentialAction":[{"@type":"ReadAction","target":["https:\/\/www.lesjardinsdebaracane.fr\/wp-content\/uploads\/2017\/02\/CMOIRENC_098511-copie-2.jpg"]}]},{"@type":"BreadcrumbList","@id":"https:\/\/www.lesjardinsdebaracane.fr\/wp-content\/uploads\/2017\/02\/CMOIRENC_098511-copie-2.jpg#breadcrumb","itemListElement":[{"@type":"ListItem","position":1,"name":"Accueil","item":"https:\/\/www.lesjardinsdebaracane.fr\/en\/"},{"@type":"ListItem","position":2,"name":"Around us","item":"https:\/\/www.lesjardinsdebaracane.fr\/en\/around-us\/"},{"@type":"ListItem","position":3,"name":"France, Vaucluse (84), Avignon, la cathedrale des Doms (XIIe siecle) et le Palais des Papes classes Patrimoine mondial de l&rsquo;Unesco depuis l&rsquo;ile de la Barthelasse, quai au bord du Rhone"}]},{"@type":"WebSite","@id":"https:\/\/www.lesjardinsdebaracane.fr\/#website","url":"https:\/\/www.lesjardinsdebaracane.fr\/","name":"Les Jardins de Baracane","description":"B&amp;B \u00e0 Avignon","publisher":{"@id":"https:\/\/www.lesjardinsdebaracane.fr\/#organization"},"potentialAction":[{"@type":"SearchAction","target":{"@type":"EntryPoint","urlTemplate":"https:\/\/www.lesjardinsdebaracane.fr\/?s={search_term_string}"},"query-input":{"@type":"PropertyValueSpecification","valueRequired":true,"valueName":"search_term_string"}}],"inLanguage":"en-US"},{"@type":"Organization","@id":"https:\/\/www.lesjardinsdebaracane.fr\/#organization","name":"Les Jardins de Baracane","url":"https:\/\/www.lesjardinsdebaracane.fr\/","logo":{"@type":"ImageObject","inLanguage":"en-US","@id":"https:\/\/www.lesjardinsdebaracane.fr\/#\/schema\/logo\/image\/","url":"https:\/\/www.lesjardinsdebaracane.fr\/wp-content\/uploads\/2017\/02\/b-for-baracane.jpg","contentUrl":"https:\/\/www.lesjardinsdebaracane.fr\/wp-content\/uploads\/2017\/02\/b-for-baracane.jpg","width":135,"height":147,"caption":"Les Jardins de Baracane"},"image":{"@id":"https:\/\/www.lesjardinsdebaracane.fr\/#\/schema\/logo\/image\/"}}]}},"description":{"rendered":"<p class=\"attachment\"><a href='https:\/\/www.lesjardinsdebaracane.fr\/wp-content\/uploads\/2017\/02\/CMOIRENC_098511-copie-2.jpg'><img loading=\"lazy\" decoding=\"async\" width=\"300\" height=\"151\" src=\"https:\/\/www.lesjardinsdebaracane.fr\/wp-content\/uploads\/2017\/02\/CMOIRENC_098511-copie-2-300x151.jpg\" class=\"attachment-medium size-medium\" alt=\"Avignon \u00e0 v\u00e9lo sur l&#039;\u00eele de la Barthelasse\" srcset=\"https:\/\/www.lesjardinsdebaracane.fr\/wp-content\/uploads\/2017\/02\/CMOIRENC_098511-copie-2-300x151.jpg 300w, https:\/\/www.lesjardinsdebaracane.fr\/wp-content\/uploads\/2017\/02\/CMOIRENC_098511-copie-2-768x385.jpg 768w, https:\/\/www.lesjardinsdebaracane.fr\/wp-content\/uploads\/2017\/02\/CMOIRENC_098511-copie-2-1024x514.jpg 1024w, https:\/\/www.lesjardinsdebaracane.fr\/wp-content\/uploads\/2017\/02\/CMOIRENC_098511-copie-2-320x161.jpg 320w, https:\/\/www.lesjardinsdebaracane.fr\/wp-content\/uploads\/2017\/02\/CMOIRENC_098511-copie-2.jpg 1650w, https:\/\/www.lesjardinsdebaracane.fr\/wp-content\/uploads\/2017\/02\/CMOIRENC_098511-copie-2-850x427.jpg 850w\" sizes=\"(max-width: 300px) 100vw, 300px\" \/><\/a><\/p>\n<p>Avignon vu du Rh\u00f4ne<\/p>\n"},"caption":{"rendered":"<p>France, Vaucluse (84), Avignon, la cathedrale des Doms (XIIe siecle) et le Palais des Papes classes Patrimoine mondial de l&#8217;Unesco depuis l&#8217;ile de la Barthelasse, quai au bord du Rhone<\/p>\n"},"alt_text":"Avignon \u00e0 v\u00e9lo sur l'\u00eele de la Barthelasse","media_type":"image","mime_type":"image\/jpeg","media_details":{"width":1650,"height":828,"file":"2017\/02\/CMOIRENC_098511-copie-2.jpg","sizes":{"thumbnail":{"file":"CMOIRENC_098511-copie-2-150x150.jpg","width":150,"height":150,"mime_type":"image\/jpeg","source_url":"https:\/\/www.lesjardinsdebaracane.fr\/wp-content\/uploads\/2017\/02\/CMOIRENC_098511-copie-2-150x150.jpg"},"medium":{"file":"CMOIRENC_098511-copie-2-300x151.jpg","width":300,"height":151,"mime_type":"image\/jpeg","source_url":"https:\/\/www.lesjardinsdebaracane.fr\/wp-content\/uploads\/2017\/02\/CMOIRENC_098511-copie-2-300x151.jpg"},"medium_large":{"file":"CMOIRENC_098511-copie-2-768x385.jpg","width":768,"height":385,"mime_type":"image\/jpeg","source_url":"https:\/\/www.lesjardinsdebaracane.fr\/wp-content\/uploads\/2017\/02\/CMOIRENC_098511-copie-2-768x385.jpg"},"large":{"file":"CMOIRENC_098511-copie-2-1024x514.jpg","width":1024,"height":514,"mime_type":"image\/jpeg","source_url":"https:\/\/www.lesjardinsdebaracane.fr\/wp-content\/uploads\/2017\/02\/CMOIRENC_098511-copie-2-1024x514.jpg"},"fd-lrg":{"file":"CMOIRENC_098511-copie-2-1024x514.jpg","width":1024,"height":514,"mime_type":"image\/jpeg","source_url":"https:\/\/www.lesjardinsdebaracane.fr\/wp-content\/uploads\/2017\/02\/CMOIRENC_098511-copie-2-1024x514.jpg"},"fd-med":{"file":"CMOIRENC_098511-copie-2-768x385.jpg","width":768,"height":385,"mime_type":"image\/jpeg","source_url":"https:\/\/www.lesjardinsdebaracane.fr\/wp-content\/uploads\/2017\/02\/CMOIRENC_098511-copie-2-768x385.jpg"},"fd-sm":{"file":"CMOIRENC_098511-copie-2-320x161.jpg","width":320,"height":161,"mime_type":"image\/jpeg","source_url":"https:\/\/www.lesjardinsdebaracane.fr\/wp-content\/uploads\/2017\/02\/CMOIRENC_098511-copie-2-320x161.jpg"},"picture":{"file":"CMOIRENC_098511-copie-2-1650x828.jpg","width":1650,"height":828,"mime_type":"image\/jpeg","source_url":"https:\/\/www.lesjardinsdebaracane.fr\/wp-content\/uploads\/2017\/02\/CMOIRENC_098511-copie-2-1650x828.jpg"},"news-picture":{"file":"CMOIRENC_098511-copie-2-500x500.jpg","width":500,"height":500,"mime_type":"image\/jpeg","source_url":"https:\/\/www.lesjardinsdebaracane.fr\/wp-content\/uploads\/2017\/02\/CMOIRENC_098511-copie-2-500x500.jpg"},"scroll-part-picture":{"file":"CMOIRENC_098511-copie-2-850x427.jpg","width":850,"height":427,"mime_type":"image\/jpeg","source_url":"https:\/\/www.lesjardinsdebaracane.fr\/wp-content\/uploads\/2017\/02\/CMOIRENC_098511-copie-2-850x427.jpg"},"headboard-mini":{"file":"CMOIRENC_098511-copie-2-1650x550.jpg","width":1650,"height":550,"mime_type":"image\/jpeg","source_url":"https:\/\/www.lesjardinsdebaracane.fr\/wp-content\/uploads\/2017\/02\/CMOIRENC_098511-copie-2-1650x550.jpg"},"room_list_thumbnail":{"file":"CMOIRENC_098511-copie-2-850x450.jpg","width":850,"height":450,"mime_type":"image\/jpeg","source_url":"https:\/\/www.lesjardinsdebaracane.fr\/wp-content\/uploads\/2017\/02\/CMOIRENC_098511-copie-2-850x450.jpg"},"full":{"file":"CMOIRENC_098511-copie-2.jpg","width":1650,"height":828,"mime_type":"image\/jpeg","source_url":"https:\/\/www.lesjardinsdebaracane.fr\/wp-content\/uploads\/2017\/02\/CMOIRENC_098511-copie-2.jpg"}},"image_meta":{"aperture":"8","credit":"Moirenc Camille","camera":"Canon EOS 5D Mark III","caption":"France, Vaucluse (84), Avignon, la cathedrale des Doms (XIIe siecle) et le Palais des Papes classes Patrimoine mondial de l'Unesco depuis l'ile de la Barthelasse, quai au bord du Rhone","created_timestamp":"1399580055","copyright":"","focal_length":"85","iso":"500","shutter_speed":"0.002","title":"France, Vaucluse (84), Avignon, la cathedrale des Doms (XIIe siecle) et le Palais des Papes classes Patrimoine mondial de l'Unesco depuis l'ile de la Barthelasse, quai au bord du Rhone","orientation":"1","keywords":["Vaucluse","Personnage","Paysage","PACA","Loisir","Velo","Lieux","Le Rhone","Jour","Horizontale","France","Fleuve","Exterieur","Europe","Avignon","1 personne"]}},"post":581,"source_url":"https:\/\/www.lesjardinsdebaracane.fr\/wp-content\/uploads\/2017\/02\/CMOIRENC_098511-copie-2.jpg","_links":{"self":[{"href":"https:\/\/www.lesjardinsdebaracane.fr\/en\/wp-json\/wp\/v2\/media\/661","targetHints":{"allow":["GET"]}}],"collection":[{"href":"https:\/\/www.lesjardinsdebaracane.fr\/en\/wp-json\/wp\/v2\/media"}],"about":[{"href":"https:\/\/www.lesjardinsdebaracane.fr\/en\/wp-json\/wp\/v2\/types\/attachment"}],"author":[{"embeddable":true,"href":"https:\/\/www.lesjardinsdebaracane.fr\/en\/wp-json\/wp\/v2\/users\/3"}],"wp:attached-to":[{"embeddable":true,"post_type":"page","id":581,"href":"https:\/\/www.lesjardinsdebaracane.fr\/en\/wp-json\/wp\/v2\/pages\/581"}],"curies":[{"name":"wp","href":"https:\/\/api.w.org\/{rel}","templated":true}]}}